{"id":57,"date":"2019-04-26T04:39:33","date_gmt":"2019-04-26T04:39:33","guid":{"rendered":"http:\/\/radiofronteras.fmmiradio.com\/?page_id=2"},"modified":"2021-11-11T15:08:09","modified_gmt":"2021-11-11T15:08:09","slug":"sample-page","status":"publish","type":"page","link":"https:\/\/impacto943.fmmiradio.com\/","title":{"rendered":"ULTIMAS NOTICIAS"},"content":{"rendered":"\n<div class=\"wp-block-columns has-2-columns is-layout-flex wp-container-core-columns-is-layout-8f761849 wp-block-columns-is-layout-flex\">\n<div class=\"wp-block-column is-layout-flow wp-block-column-is-layout-flow\">\n<h2 class=\"wp-block-heading\">ULTIMA HORAS<\/h2>\n\n\n<div class=\"feedzy-2c4e229275eb80f1f69acb2c63e68279 feedzy-rss\"><ul><li  style=\"padding: 15px 0 25px\" class=\"rss_item\"><div class=\"rss_image\" style=\"height:150px;width:150px;\"><a href=\"https:\/\/www.clarin.com\/sociedad\/cuadro-robado-nazis-justicia-ordeno-restituyan-heredera-galerista-judio_0_jHsMy7seD2.html\" target=\"_blank\" rel=\" noopener\" title=\"El cuadro robado por los nazis: la Justicia orden\u00f3 que se lo restituyan a la heredera del galerista jud\u00edo\" style=\"height:150px;width:150px;\"><img decoding=\"async\" src=\"https:\/\/www.clarin.com\/img\/2025\/09\/05\/NFdULu1z6_1200x630__1.jpg\" title=\"El cuadro robado por los nazis: la Justicia orden\u00f3 que se lo restituyan a la heredera del galerista jud\u00edo\" style=\"height:150px;width:150px\"><\/a><\/div><span class=\"title\"><a href=\"https:\/\/www.clarin.com\/sociedad\/cuadro-robado-nazis-justicia-ordeno-restituyan-heredera-galerista-judio_0_jHsMy7seD2.html\" target=\"_blank\" rel=\" noopener\">El cuadro robado por los nazis: la Justicia orden\u00f3 que se lo restituyan a la heredera del galerista jud\u00edo<\/a><\/span><div class=\"rss_content\" style=\"\"><p>&#8220;Retrato de una dama&#8221; estuvo oculto durante 80 a\u00f1os y reapareci\u00f3 en 2025 en Mar del Plata.Pertenec\u00eda al marchante Jacques Goudstikker, a quien expoli\u00f3 el nazismo.<\/p><\/div><\/li><li  style=\"padding: 15px 0 25px\" class=\"rss_item\"><div class=\"rss_image\" style=\"height:150px;width:150px;\"><a href=\"https:\/\/www.clarin.com\/politica\/caso-libra-horas-despues-cambiar-jueces-camara-federal-ratifico-fallo-favorable-gobierno_0_80EWvil5Eg.html\" target=\"_blank\" rel=\" noopener\" title=\"Caso $LIBRA: horas despu\u00e9s de cambiar de jueces, la C\u00e1mara Federal ratific\u00f3 un fallo favorable al Gobierno\" style=\"height:150px;width:150px;\"><img decoding=\"async\" src=\"https:\/\/www.clarin.com\/img\/2025\/02\/15\/lyy6VH2_X_1200x630__1.jpg\" title=\"Caso $LIBRA: horas despu\u00e9s de cambiar de jueces, la C\u00e1mara Federal ratific\u00f3 un fallo favorable al Gobierno\" style=\"height:150px;width:150px\"><\/a><\/div><span class=\"title\"><a href=\"https:\/\/www.clarin.com\/politica\/caso-libra-horas-despues-cambiar-jueces-camara-federal-ratifico-fallo-favorable-gobierno_0_80EWvil5Eg.html\" target=\"_blank\" rel=\" noopener\">Caso $LIBRA: horas despu\u00e9s de cambiar de jueces, la C\u00e1mara Federal ratific\u00f3 un fallo favorable al Gobierno<\/a><\/span><div class=\"rss_content\" style=\"\"><p>Confirm\u00f3 la exclusi\u00f3n de los querellantes en la causa cripto que investiga al presidente Javier Milei.La resoluci\u00f3n lleva la firma de uno de los jueces que asumi\u00f3 un d\u00eda antes.<\/p><\/div><\/li><li  style=\"padding: 15px 0 25px\" class=\"rss_item\"><div class=\"rss_image\" style=\"height:150px;width:150px;\"><a href=\"https:\/\/www.clarin.com\/loterias-y-quinielas\/quiniela-provincia-resultado-sorteo-matutina-hoy-viernes-04-septiembre_0_74yKkIvlPm.html\" target=\"_blank\" rel=\" noopener\" title=\"Quiniela de la Provincia: resultado del sorteo de la Matutina de hoy, viernes 04 de septiembre\" style=\"height:150px;width:150px;\"><img decoding=\"async\" src=\"https:\/\/www.clarin.com\/img\/2020\/06\/24\/1-70u4KCz_1200x630__1.jpg\" title=\"Quiniela de la Provincia: resultado del sorteo de la Matutina de hoy, viernes 04 de septiembre\" style=\"height:150px;width:150px\"><\/a><\/div><span class=\"title\"><a href=\"https:\/\/www.clarin.com\/loterias-y-quinielas\/quiniela-provincia-resultado-sorteo-matutina-hoy-viernes-04-septiembre_0_74yKkIvlPm.html\" target=\"_blank\" rel=\" noopener\">Quiniela de la Provincia: resultado del sorteo de la Matutina de hoy, viernes 04 de septiembre<\/a><\/span><div class=\"rss_content\" style=\"\"><p>Conoc\u00e9 qu\u00e9 n\u00fameros salieron hoy a la cabeza y todo lo que necesit\u00e1s saber. A cruzar los dedos.<\/p><\/div><\/li><li  style=\"padding: 15px 0 25px\" class=\"rss_item\"><div class=\"rss_image\" style=\"height:150px;width:150px;\"><a href=\"https:\/\/www.clarin.com\/internacional\/gabriel-garcia-marquez-escritor-colombiano-premio-nobel-literatura-vida-vivio-recuerda-recuerda-contarlo_0_Dc8281Imrk.html\" target=\"_blank\" rel=\" noopener\" title=\"Gabriel Garc\u00eda M\u00e1rquez, escritor colombiano y premio Nobel de Literatura: &quot;La vida no es lo que uno vivi\u00f3, sino la que uno recuerda y c\u00f3mo la recuerda para contarlo&quot;\" style=\"height:150px;width:150px;\"><img decoding=\"async\" src=\"https:\/\/www.clarin.com\/img\/2024\/03\/25\/XiCf6EnuW_1200x630__1.jpg\" title=\"Gabriel Garc\u00eda M\u00e1rquez, escritor colombiano y premio Nobel de Literatura: &quot;La vida no es lo que uno vivi\u00f3, sino la que uno recuerda y c\u00f3mo la recuerda para contarlo&quot;\" style=\"height:150px;width:150px\"><\/a><\/div><span class=\"title\"><a href=\"https:\/\/www.clarin.com\/internacional\/gabriel-garcia-marquez-escritor-colombiano-premio-nobel-literatura-vida-vivio-recuerda-recuerda-contarlo_0_Dc8281Imrk.html\" target=\"_blank\" rel=\" noopener\">Gabriel Garc\u00eda M\u00e1rquez, escritor colombiano y premio Nobel de Literatura: &#8220;La vida no es lo que uno vivi\u00f3, sino la que uno recuerda y c\u00f3mo la recuerda para contarlo&#8221;<\/a><\/span><div class=\"rss_content\" style=\"\"><p>En 2002, el autor de Cien a\u00f1os de soledad public\u00f3 Vivir para contarla, el primer volumen de sus memorias autobiogr\u00e1ficas.En el libro reconstruy\u00f3 sus primeros a\u00f1os de vida, su juventud y sus comienzos como escritor y periodista.<\/p><\/div><\/li><li  style=\"padding: 15px 0 25px\" class=\"rss_item\"><div class=\"rss_image\" style=\"height:150px;width:150px;\"><a href=\"https:\/\/www.clarin.com\/ciudades\/cierre-autopista-dellepiane-partir-manana-durara-desvios-llegar-ezeiza_0_T2fQkTBiaL.html\" target=\"_blank\" rel=\" noopener\" title=\"Cierre en la autopista Dellepiane a partir de ma\u00f1ana: cu\u00e1nto durar\u00e1 y los desv\u00edos para llegar a Ezeiza\" style=\"height:150px;width:150px;\"><img decoding=\"async\" src=\"https:\/\/www.clarin.com\/img\/2026\/09\/04\/bfvrwLxKc_1200x630__1.jpg\" title=\"Cierre en la autopista Dellepiane a partir de ma\u00f1ana: cu\u00e1nto durar\u00e1 y los desv\u00edos para llegar a Ezeiza\" style=\"height:150px;width:150px\"><\/a><\/div><span class=\"title\"><a href=\"https:\/\/www.clarin.com\/ciudades\/cierre-autopista-dellepiane-partir-manana-durara-desvios-llegar-ezeiza_0_T2fQkTBiaL.html\" target=\"_blank\" rel=\" noopener\">Cierre en la autopista Dellepiane a partir de ma\u00f1ana: cu\u00e1nto durar\u00e1 y los desv\u00edos para llegar a Ezeiza<\/a><\/span><div class=\"rss_content\" style=\"\"><p>El corte ser\u00e1 para instalar una pasarela peatonal. C\u00f3mo sigue el proyecto.<\/p><\/div><\/li><\/ul> <\/div><style type=\"text\/css\" media=\"all\">.feedzy-rss .rss_item .rss_image{float:left;position:relative;border:none;text-decoration:none;max-width:100%}.feedzy-rss .rss_item .rss_image span{display:inline-block;position:absolute;width:100%;height:100%;background-position:50%;background-size:cover}.feedzy-rss .rss_item .rss_image{margin:.3em 1em 0 0;content-visibility:auto}.feedzy-rss ul{list-style:none}.feedzy-rss ul li{display:inline-block}<\/style>\n\n\n<p class=\"wp-block-paragraph\"><\/p>\n<\/div>\n\n\n\n<div class=\"wp-block-column is-layout-flow wp-block-column-is-layout-flow\">\n<h2 class=\"wp-block-heading\">POL\u00cdTICA<\/h2>\n\n\n<div class=\"feedzy-cf726f215d36258fdd1469261a261343 feedzy-rss\"><ul><li  style=\"padding: 15px 0 25px\" class=\"rss_item\"><div class=\"rss_image\" style=\"height:150px;width:150px;\"><a href=\"https:\/\/www.clarin.com\/politica\/sanciones-efectos-materiales-petroleras-operan-malvinas-desafian-milei-aseguran-seguiran-proyecto-lion_0_ZGIvAeytM3.html\" target=\"_blank\" rel=\" noopener\" title=\"&quot;Las sanciones no tendr\u00e1n efectos materiales&quot;: las petroleras que operan en Malvinas desaf\u00edan a Milei y aseguran que seguir\u00e1n con el proyecto Sea Lion\" style=\"height:150px;width:150px;\"><img decoding=\"async\" src=\"https:\/\/www.clarin.com\/img\/2012\/07\/17\/H1-dfV-Rml_1200x630.jpg\" title=\"&quot;Las sanciones no tendr\u00e1n efectos materiales&quot;: las petroleras que operan en Malvinas desaf\u00edan a Milei y aseguran que seguir\u00e1n con el proyecto Sea Lion\" style=\"height:150px;width:150px\"><\/a><\/div><span class=\"title\"><a href=\"https:\/\/www.clarin.com\/politica\/sanciones-efectos-materiales-petroleras-operan-malvinas-desafian-milei-aseguran-seguiran-proyecto-lion_0_ZGIvAeytM3.html\" target=\"_blank\" rel=\" noopener\">&#8220;Las sanciones no tendr\u00e1n efectos materiales&#8221;: las petroleras que operan en Malvinas desaf\u00edan a Milei y aseguran que seguir\u00e1n con el proyecto Sea Lion<\/a><\/span><div class=\"rss_content\" style=\"\"><p>La brit\u00e1nica Rockhopper y la israel\u00ed Navitas emitieron un comunicado conjunto en el que minimizaron las consecuencias de los castigos que recaer\u00e1n contra ambas en caso de seguir operando en el archipi\u00e9lago.La plataforma tiene como objetivo comenzar a producir 55.000 barriles por d\u00eda desde 2028.El canciller Quirno reconoci\u00f3 di\u00e1logo con su par israel\u00ed por Nativas.<\/p><\/div><\/li><li  style=\"padding: 15px 0 25px\" class=\"rss_item\"><div class=\"rss_image\" style=\"height:150px;width:150px;\"><a href=\"https:\/\/www.clarin.com\/sociedad\/javier-milei-medidas-vivo-entregaremos-base-tierra-fuego-eeuu-aseguro-quirno-descarto-viaje-presidente-reino-unido_0_R5612Uh6Xq.html\" target=\"_blank\" rel=\" noopener\" title=\"Javier Milei y sus medidas, EN VIVO: &quot;No le entregaremos la base de Tierra del Fuego a EE.UU.&quot;, asegur\u00f3 Quirno y no descart\u00f3 un viaje del Presidente a Reino Unido\" style=\"height:150px;width:150px;\"><img decoding=\"async\" src=\"https:\/\/www.clarin.com\/img\/2026\/08\/05\/2_8UjGTd5_1200x630__1.jpg\" title=\"Javier Milei y sus medidas, EN VIVO: &quot;No le entregaremos la base de Tierra del Fuego a EE.UU.&quot;, asegur\u00f3 Quirno y no descart\u00f3 un viaje del Presidente a Reino Unido\" style=\"height:150px;width:150px\"><\/a><\/div><span class=\"title\"><a href=\"https:\/\/www.clarin.com\/sociedad\/javier-milei-medidas-vivo-entregaremos-base-tierra-fuego-eeuu-aseguro-quirno-descarto-viaje-presidente-reino-unido_0_R5612Uh6Xq.html\" target=\"_blank\" rel=\" noopener\">Javier Milei y sus medidas, EN VIVO: &#8220;No le entregaremos la base de Tierra del Fuego a EE.UU.&#8221;, asegur\u00f3 Quirno y no descart\u00f3 un viaje del Presidente a Reino Unido<\/a><\/span><div class=\"rss_content\" style=\"\"><p>El canciller se\u00f1al\u00f3 que no hubo un pedido a Washington para que interceda ante Londres por la cuesti\u00f3n de soberan\u00eda sobre el archipi\u00e9lago.Segu\u00ed todas las novedades sobre las medidas del gobierno de Javier Milei en la cobertura minuto a minuto de Clar\u00edn.<\/p><\/div><\/li><li  style=\"padding: 15px 0 25px\" class=\"rss_item\"><div class=\"rss_image\" style=\"height:150px;width:150px;\"><a href=\"https:\/\/www.clarin.com\/politica\/controversia-malvinas-eeuu-busca-trump-reaccion-discurso-milei-clave-bandera-partido-mundial_0_YINNep2hYg.html\" target=\"_blank\" rel=\" noopener\" title=\"La controversia por Malvinas en EE.UU.: Qu\u00e9 busca Trump, la reacci\u00f3n al discurso de Milei y la clave de la bandera en el partido del Mundial\" style=\"height:150px;width:150px;\"><img decoding=\"async\" src=\"https:\/\/www.clarin.com\/img\/2026\/04\/11\/yj_YRO4FE_1200x630__1.jpg\" title=\"La controversia por Malvinas en EE.UU.: Qu\u00e9 busca Trump, la reacci\u00f3n al discurso de Milei y la clave de la bandera en el partido del Mundial\" style=\"height:150px;width:150px\"><\/a><\/div><span class=\"title\"><a href=\"https:\/\/www.clarin.com\/politica\/controversia-malvinas-eeuu-busca-trump-reaccion-discurso-milei-clave-bandera-partido-mundial_0_YINNep2hYg.html\" target=\"_blank\" rel=\" noopener\">La controversia por Malvinas en EE.UU.: Qu\u00e9 busca Trump, la reacci\u00f3n al discurso de Milei y la clave de la bandera en el partido del Mundial<\/a><\/span><div class=\"rss_content\" style=\"\"><p>Expertos consultados por Clar\u00edn afirman que las declaraciones del jefe de la Casa Blanca sobre el conflicto pueden ser solo un arma de presi\u00f3n sobre Gran Breta\u00f1a, aunque podr\u00eda haber otra estrategia.Advierten que el mensaje de Milei del jueves por la noche puede contribuir a &#8220;justificar la presencia de EE.UU. en una base fueguina&#8221;.<\/p><\/div><\/li><li  style=\"padding: 15px 0 25px\" class=\"rss_item\"><div class=\"rss_image\" style=\"height:150px;width:150px;\"><a href=\"https:\/\/www.clarin.com\/politica\/adjudicar-canal-ciudad-jorge-macri-relanza-licitacion-radios-publicas-portenas_0_Us1zoLhZC7.html\" target=\"_blank\" rel=\" noopener\" title=\"Tras adjudicar el Canal de la Ciudad, Jorge Macri relanza la licitaci\u00f3n de las dos radios p\u00fablicas porte\u00f1as\" style=\"height:150px;width:150px;\"><img decoding=\"async\" src=\"https:\/\/www.clarin.com\/img\/2026\/09\/02\/MYjMVDXNe_1200x630__1.jpg\" title=\"Tras adjudicar el Canal de la Ciudad, Jorge Macri relanza la licitaci\u00f3n de las dos radios p\u00fablicas porte\u00f1as\" style=\"height:150px;width:150px\"><\/a><\/div><span class=\"title\"><a href=\"https:\/\/www.clarin.com\/politica\/adjudicar-canal-ciudad-jorge-macri-relanza-licitacion-radios-publicas-portenas_0_Us1zoLhZC7.html\" target=\"_blank\" rel=\" noopener\">Tras adjudicar el Canal de la Ciudad, Jorge Macri relanza la licitaci\u00f3n de las dos radios p\u00fablicas porte\u00f1as<\/a><\/span><div class=\"rss_content\" style=\"\"><p>La Ciudad vuelve a buscar operadores privados para la AM Once Diez y la FM 2&#215;4, despu\u00e9s de que el primer llamado qued\u00f3 desierto por falta de ofertas.Ahora separ\u00f3 las dos emisoras y permite competir por una sola. El canon base es de $1,53 mill\u00f3n mensual para cada radio. La apertura de sobres ser\u00e1 el 28 de septiembre.<\/p><\/div><\/li><li  style=\"padding: 15px 0 25px\" class=\"rss_item\"><div class=\"rss_image\" style=\"height:150px;width:150px;\"><a href=\"https:\/\/www.clarin.com\/politica\/estados-unidos-presiona-congreso-ley-patentes-salga-articulo-clave_0_e7xhtsMtGs.html\" target=\"_blank\" rel=\" noopener\" title=\"Estados Unidos presiona en el Congreso para que la Ley de Patentes salga con un art\u00edculo clave\" style=\"height:150px;width:150px;\"><img decoding=\"async\" src=\"https:\/\/www.clarin.com\/img\/2026\/09\/03\/0JDhflo4h_1200x630__1.jpg\" title=\"Estados Unidos presiona en el Congreso para que la Ley de Patentes salga con un art\u00edculo clave\" style=\"height:150px;width:150px\"><\/a><\/div><span class=\"title\"><a href=\"https:\/\/www.clarin.com\/politica\/estados-unidos-presiona-congreso-ley-patentes-salga-articulo-clave_0_e7xhtsMtGs.html\" target=\"_blank\" rel=\" noopener\">Estados Unidos presiona en el Congreso para que la Ley de Patentes salga con un art\u00edculo clave<\/a><\/span><div class=\"rss_content\" style=\"\"><p>Diputados y senadores se reunieron con la C\u00e1mara de Comercio norteamericana. Pidieron que se vuelva atr\u00e1s con la reserva del art\u00edculo II del tratado.Bullrich molesta porque Villarruel no da el giro a comisi\u00f3n de la propuesta aprobada en Diputados.<\/p><\/div><\/li><\/ul> <\/div><style type=\"text\/css\" media=\"all\">.feedzy-rss .rss_item .rss_image{float:left;position:relative;border:none;text-decoration:none;max-width:100%}.feedzy-rss .rss_item .rss_image span{display:inline-block;position:absolute;width:100%;height:100%;background-position:50%;background-size:cover}.feedzy-rss .rss_item .rss_image{margin:.3em 1em 0 0;content-visibility:auto}.feedzy-rss ul{list-style:none}.feedzy-rss ul li{display:inline-block}<\/style>\n\n\n<p class=\"wp-block-paragraph\"><\/p>\n<\/div>\n<\/div>\n\n\n\n<div class=\"wp-block-columns has-2-columns is-layout-flex wp-container-core-columns-is-layout-8f761849 wp-block-columns-is-layout-flex\">\n<div class=\"wp-block-column is-layout-flow wp-block-column-is-layout-flow\">\n<h2 class=\"wp-block-heading\">ECONOM\u00cdA<\/h2>\n\n\n<div class=\"feedzy-5d3d6da77fc757f4246526a28a081143 feedzy-rss\"><ul><li  style=\"padding: 15px 0 25px\" class=\"rss_item\"><div class=\"rss_image\" style=\"height:150px;width:150px;\"><a href=\"https:\/\/www.clarin.com\/economia\/malvinas-anuncios-milei-derrumbaron-precio-acciones-petroleras-operan-lion_0_JfDJOoFBrv.html\" target=\"_blank\" rel=\" noopener\" title=\"Malvinas: los anuncios de Milei derrumbaron el precio de las acciones de las petroleras que operan el proyecto Sea Lion\" style=\"height:150px;width:150px;\"><img decoding=\"async\" src=\"https:\/\/www.clarin.com\/img\/2017\/01\/17\/B12umjS5l_1200x630.jpg\" title=\"Malvinas: los anuncios de Milei derrumbaron el precio de las acciones de las petroleras que operan el proyecto Sea Lion\" style=\"height:150px;width:150px\"><\/a><\/div><span class=\"title\"><a href=\"https:\/\/www.clarin.com\/economia\/malvinas-anuncios-milei-derrumbaron-precio-acciones-petroleras-operan-lion_0_JfDJOoFBrv.html\" target=\"_blank\" rel=\" noopener\">Malvinas: los anuncios de Milei derrumbaron el precio de las acciones de las petroleras que operan el proyecto Sea Lion<\/a><\/span><div class=\"rss_content\" style=\"\"><p>La empresa brit\u00e1nica Rockhopper se desplom\u00f3 el 10% al inicio de la rueda burs\u00e1til de este viernes en la Bolsa de Londres.Por su parte, el valor de la compa\u00f1\u00eda israel\u00ed Navitas baja el 2% en el mercado de valores de Tel Aviv.<\/p><\/div><\/li><li  style=\"padding: 15px 0 25px\" class=\"rss_item\"><div class=\"rss_image\" style=\"height:150px;width:150px;\"><a href=\"https:\/\/www.clarin.com\/economia\/euro-hoy-en-venezuela-precio-y-cotizacion-de-la-divisa-este-viernes-4-de-septiembre-de-2026_0_Fru4IO3NX4.html\" target=\"_blank\" rel=\" noopener\" title=\"Euro hoy en Venezuela: precio y cotizaci\u00f3n de la divisa este viernes 4 de septiembre de 2026\" style=\"height:150px;width:150px;\"><img decoding=\"async\" src=\"https:\/\/www.clarin.com\/img\/2020\/10\/07\/V8Hxgsjgi_1200x630__1.jpg\" title=\"Euro hoy en Venezuela: precio y cotizaci\u00f3n de la divisa este viernes 4 de septiembre de 2026\" style=\"height:150px;width:150px\"><\/a><\/div><span class=\"title\"><a href=\"https:\/\/www.clarin.com\/economia\/euro-hoy-en-venezuela-precio-y-cotizacion-de-la-divisa-este-viernes-4-de-septiembre-de-2026_0_Fru4IO3NX4.html\" target=\"_blank\" rel=\" noopener\">Euro hoy en Venezuela: precio y cotizaci\u00f3n de la divisa este viernes 4 de septiembre de 2026<\/a><\/span><div class=\"rss_content\" style=\"\"><p>Mir\u00e1 la cotizaci\u00f3n del euro en Venezuela, su variaci\u00f3n y los valores de referencia.C\u00f3mo es la tendencia de la moneda europea en lo que va del a\u00f1o.<\/p><\/div><\/li><li  style=\"padding: 15px 0 25px\" class=\"rss_item\"><div class=\"rss_image\" style=\"height:150px;width:150px;\"><a href=\"https:\/\/www.clarin.com\/economia\/euro-hoy-en-uruguay-precio-y-cotizacion-de-la-divisa-este-viernes-4-de-septiembre-de-2026_0_rqtLe5H2sd.html\" target=\"_blank\" rel=\" noopener\" title=\"Euro hoy en Uruguay: precio y cotizaci\u00f3n de la divisa este viernes 4 de septiembre de 2026\" style=\"height:150px;width:150px;\"><img decoding=\"async\" src=\"https:\/\/www.clarin.com\/img\/2018\/08\/29\/B1sEYYBv7_1200x630__1.jpg\" title=\"Euro hoy en Uruguay: precio y cotizaci\u00f3n de la divisa este viernes 4 de septiembre de 2026\" style=\"height:150px;width:150px\"><\/a><\/div><span class=\"title\"><a href=\"https:\/\/www.clarin.com\/economia\/euro-hoy-en-uruguay-precio-y-cotizacion-de-la-divisa-este-viernes-4-de-septiembre-de-2026_0_rqtLe5H2sd.html\" target=\"_blank\" rel=\" noopener\">Euro hoy en Uruguay: precio y cotizaci\u00f3n de la divisa este viernes 4 de septiembre de 2026<\/a><\/span><div class=\"rss_content\" style=\"\"><p>Mir\u00e1 la cotizaci\u00f3n del euro en Uruguay, su variaci\u00f3n y los valores de referencia.C\u00f3mo es la tendencia de la moneda europea en lo que va del a\u00f1o.<\/p><\/div><\/li><li  style=\"padding: 15px 0 25px\" class=\"rss_item\"><div class=\"rss_image\" style=\"height:150px;width:150px;\"><a href=\"https:\/\/www.clarin.com\/economia\/euro-hoy-en-paraguay-precio-y-cotizacion-de-la-divisa-este-viernes-4-de-septiembre-de-2026_0_aIijLMbBM3.html\" target=\"_blank\" rel=\" noopener\" title=\"Euro hoy en Paraguay: precio y cotizaci\u00f3n de la divisa este viernes 4 de septiembre de 2026\" style=\"height:150px;width:150px;\"><img decoding=\"async\" src=\"https:\/\/www.clarin.com\/img\/2018\/12\/28\/5LE22YAZM_1200x630__1.jpg\" title=\"Euro hoy en Paraguay: precio y cotizaci\u00f3n de la divisa este viernes 4 de septiembre de 2026\" style=\"height:150px;width:150px\"><\/a><\/div><span class=\"title\"><a href=\"https:\/\/www.clarin.com\/economia\/euro-hoy-en-paraguay-precio-y-cotizacion-de-la-divisa-este-viernes-4-de-septiembre-de-2026_0_aIijLMbBM3.html\" target=\"_blank\" rel=\" noopener\">Euro hoy en Paraguay: precio y cotizaci\u00f3n de la divisa este viernes 4 de septiembre de 2026<\/a><\/span><div class=\"rss_content\" style=\"\"><p>Mir\u00e1 la cotizaci\u00f3n del euro en Paraguay, su variaci\u00f3n y los valores de referencia.C\u00f3mo es la tendencia de la moneda europea en lo que va del a\u00f1o.<\/p><\/div><\/li><li  style=\"padding: 15px 0 25px\" class=\"rss_item\"><div class=\"rss_image\" style=\"height:150px;width:150px;\"><a href=\"https:\/\/www.clarin.com\/economia\/euro-hoy-en-peru-precio-y-cotizacion-de-la-divisa-este-viernes-4-de-septiembre-de-2026_0_i2sTOtRkXb.html\" target=\"_blank\" rel=\" noopener\" title=\"Euro hoy en Per\u00fa: precio y cotizaci\u00f3n de la divisa este viernes 4 de septiembre de 2026\" style=\"height:150px;width:150px;\"><img decoding=\"async\" src=\"https:\/\/www.clarin.com\/img\/2022\/01\/19\/P2ZVV0DA5_1200x630__1.jpg\" title=\"Euro hoy en Per\u00fa: precio y cotizaci\u00f3n de la divisa este viernes 4 de septiembre de 2026\" style=\"height:150px;width:150px\"><\/a><\/div><span class=\"title\"><a href=\"https:\/\/www.clarin.com\/economia\/euro-hoy-en-peru-precio-y-cotizacion-de-la-divisa-este-viernes-4-de-septiembre-de-2026_0_i2sTOtRkXb.html\" target=\"_blank\" rel=\" noopener\">Euro hoy en Per\u00fa: precio y cotizaci\u00f3n de la divisa este viernes 4 de septiembre de 2026<\/a><\/span><div class=\"rss_content\" style=\"\"><p>Mir\u00e1 la cotizaci\u00f3n del euro en Per\u00fa, su variaci\u00f3n y los valores de referencia.C\u00f3mo es la tendencia de la moneda europea en lo que va del a\u00f1o.<\/p><\/div><\/li><\/ul> <\/div><style type=\"text\/css\" media=\"all\">.feedzy-rss .rss_item .rss_image{float:left;position:relative;border:none;text-decoration:none;max-width:100%}.feedzy-rss .rss_item .rss_image span{display:inline-block;position:absolute;width:100%;height:100%;background-position:50%;background-size:cover}.feedzy-rss .rss_item .rss_image{margin:.3em 1em 0 0;content-visibility:auto}.feedzy-rss ul{list-style:none}.feedzy-rss ul li{display:inline-block}<\/style><\/div>\n\n\n\n<div class=\"wp-block-column is-layout-flow wp-block-column-is-layout-flow\">\n<h2 class=\"wp-block-heading\">DEPORTES<\/h2>\n\n\n<div class=\"feedzy-227d19a07da4bc842353f5998e8f2caa feedzy-rss\"><ul><li  style=\"padding: 15px 0 25px\" class=\"rss_item\"><div class=\"rss_image\" style=\"height:150px;width:150px;\"><a href=\"https:\/\/www.clarin.com\/deportes\/flavio-briatore-desato-escandalo-medios-fallo-fia-alpine-denuncio-jueces-recibio-coches-mclaren_0_RtN0NyLei9.html\" target=\"_blank\" rel=\" noopener\" title=\"Flavio Briatore desat\u00f3 un esc\u00e1ndalo ante los medios tras el fallo de la FIA contra Alpine: denunci\u00f3 que uno de los jueces recibi\u00f3 &quot;dos o tres coches&quot; de McLaren\" style=\"height:150px;width:150px;\"><img decoding=\"async\" src=\"https:\/\/www.clarin.com\/img\/2026\/09\/04\/XmFOprfZM_1200x630__1.jpg\" title=\"Flavio Briatore desat\u00f3 un esc\u00e1ndalo ante los medios tras el fallo de la FIA contra Alpine: denunci\u00f3 que uno de los jueces recibi\u00f3 &quot;dos o tres coches&quot; de McLaren\" style=\"height:150px;width:150px\"><\/a><\/div><span class=\"title\"><a href=\"https:\/\/www.clarin.com\/deportes\/flavio-briatore-desato-escandalo-medios-fallo-fia-alpine-denuncio-jueces-recibio-coches-mclaren_0_RtN0NyLei9.html\" target=\"_blank\" rel=\" noopener\">Flavio Briatore desat\u00f3 un esc\u00e1ndalo ante los medios tras el fallo de la FIA contra Alpine: denunci\u00f3 que uno de los jueces recibi\u00f3 &#8220;dos o tres coches&#8221; de McLaren<\/a><\/span><div class=\"rss_content\" style=\"\"><p>El veterano jefe del equipo de Colapinto explot\u00f3 porque le sacaron el podio de Gasly en M\u00f3naco.Dijo en conferencia que uno de los encargados de la decisi\u00f3n est\u00e1 vinculado con McLaren.Lo hizo nada menos que en la cara de Andrea Stella, jefe de los alemanes, quien le respondi\u00f3.<\/p><\/div><\/li><li  style=\"padding: 15px 0 25px\" class=\"rss_item\"><div class=\"rss_image\" style=\"height:150px;width:150px;\"><a href=\"https:\/\/www.clarin.com\/deportes\/arranca-post-messi-afa-confirmo-anunciara-proximos-amistosos-seleccion-argentina_0_itVpcpw3Ck.html\" target=\"_blank\" rel=\" noopener\" title=\"Arranca la era post Messi: la AFA confirm\u00f3 cuand\u00f3 anunciar\u00e1 los pr\u00f3ximos amistosos de la Selecci\u00f3n Argentina\" style=\"height:150px;width:150px;\"><img decoding=\"async\" src=\"https:\/\/www.clarin.com\/img\/2026\/07\/13\/niWfEwPzt_1200x630__1.jpg\" title=\"Arranca la era post Messi: la AFA confirm\u00f3 cuand\u00f3 anunciar\u00e1 los pr\u00f3ximos amistosos de la Selecci\u00f3n Argentina\" style=\"height:150px;width:150px\"><\/a><\/div><span class=\"title\"><a href=\"https:\/\/www.clarin.com\/deportes\/arranca-post-messi-afa-confirmo-anunciara-proximos-amistosos-seleccion-argentina_0_itVpcpw3Ck.html\" target=\"_blank\" rel=\" noopener\">Arranca la era post Messi: la AFA confirm\u00f3 cuand\u00f3 anunciar\u00e1 los pr\u00f3ximos amistosos de la Selecci\u00f3n Argentina<\/a><\/span><div class=\"rss_content\" style=\"\"><p>La Asociaci\u00f3n dio a conocer que este lunes revelar\u00e1 los rivales para la ventana FIFA.Se jugar\u00e1n en los \u00faltimos d\u00edas de septiembre y los primeros de octubre.Ser\u00e1 el comienzo de una nueva etapa, tras el retiro del 10, dirigida por Lionel Scaloni.<\/p><\/div><\/li><li  style=\"padding: 15px 0 25px\" class=\"rss_item\"><div class=\"rss_image\" style=\"height:150px;width:150px;\"><a href=\"https:\/\/www.clarin.com\/deportes\/julian-alvarez-despues-tormenta-convocado-atletico-madrid-simeone-dedico-fuerte-reflexion_0_1HlAnp432h.html\" target=\"_blank\" rel=\" noopener\" title=\"Juli\u00e1n Alvarez, despu\u00e9s de la tormenta: fue convocado por Atl\u00e9tico de Madrid y Simeone le dedic\u00f3 una fuerte reflexi\u00f3n\" style=\"height:150px;width:150px;\"><img decoding=\"async\" src=\"https:\/\/www.clarin.com\/img\/2026\/09\/01\/Y_nG1_wMe_1200x630__1.jpg\" title=\"Juli\u00e1n Alvarez, despu\u00e9s de la tormenta: fue convocado por Atl\u00e9tico de Madrid y Simeone le dedic\u00f3 una fuerte reflexi\u00f3n\" style=\"height:150px;width:150px\"><\/a><\/div><span class=\"title\"><a href=\"https:\/\/www.clarin.com\/deportes\/julian-alvarez-despues-tormenta-convocado-atletico-madrid-simeone-dedico-fuerte-reflexion_0_1HlAnp432h.html\" target=\"_blank\" rel=\" noopener\">Juli\u00e1n Alvarez, despu\u00e9s de la tormenta: fue convocado por Atl\u00e9tico de Madrid y Simeone le dedic\u00f3 una fuerte reflexi\u00f3n<\/a><\/span><div class=\"rss_content\" style=\"\"><p>El crack argentino vio frustrada su salida al Barcelona y debe aceptar su presente como colchonero.Vuelve a tener chances de jugar: su equipo visita al Athletic Bilbao, pero los hinchas no lo perdonan.&#8221;Es una oportunidad para ajustar situaciones de su vida&#8221;, dijo el DT, que quiere recuperarlo.<\/p><\/div><\/li><li  style=\"padding: 15px 0 25px\" class=\"rss_item\"><div class=\"rss_image\" style=\"height:150px;width:150px;\"><a href=\"https:\/\/www.clarin.com\/deportes\/golpe-gasly-fia-ratifico-sancion-gp-monaco-perdio-podio_0_EtwyGq3hvj.html\" target=\"_blank\" rel=\" noopener\" title=\"Golpe para Alpine: la FIA ratific\u00f3 la sanci\u00f3n a Gasly en el GP de M\u00f3naco y el equipo de Colapinto perdi\u00f3 el podio\" style=\"height:150px;width:150px;\"><img decoding=\"async\" src=\"https:\/\/www.clarin.com\/img\/2026\/06\/08\/WnDv5h05X_1200x630__1.jpg\" title=\"Golpe para Alpine: la FIA ratific\u00f3 la sanci\u00f3n a Gasly en el GP de M\u00f3naco y el equipo de Colapinto perdi\u00f3 el podio\" style=\"height:150px;width:150px\"><\/a><\/div><span class=\"title\"><a href=\"https:\/\/www.clarin.com\/deportes\/golpe-gasly-fia-ratifico-sancion-gp-monaco-perdio-podio_0_EtwyGq3hvj.html\" target=\"_blank\" rel=\" noopener\">Golpe para Alpine: la FIA ratific\u00f3 la sanci\u00f3n a Gasly en el GP de M\u00f3naco y el equipo de Colapinto perdi\u00f3 el podio<\/a><\/span><div class=\"rss_content\" style=\"\"><p>La decisi\u00f3n se conoci\u00f3 en el arranque del fin de semana de la F\u00f3rmula 1 en Monza.El piloto franc\u00e9s qued\u00f3 7mo y la escuder\u00eda perdi\u00f3 9 puntos, alej\u00e1ndose de Racing Bulls.Isack Hadjar fue el gran beneficiado por el fallo: hered\u00f3 el tercer puesto.<\/p><\/div><\/li><li  style=\"padding: 15px 0 25px\" class=\"rss_item\"><div class=\"rss_image\" style=\"height:150px;width:150px;\"><a href=\"https:\/\/www.clarin.com\/deportes\/futbolista-argentino-pourrain-despues-encierro-infierno-ice-trataba-ponerme-cabeza-ganar-partido_0_T1rD5y3WTN.html\" target=\"_blank\" rel=\" noopener\" title=\"El futbolista argentino Pourrain, despu\u00e9s del encierro y el infierno del ICE: &quot;Trataba de ponerme en la cabeza &#039;tengo que ganar&#039;, como si fuese un partido&quot;\" style=\"height:150px;width:150px;\"><img decoding=\"async\" src=\"https:\/\/www.clarin.com\/img\/2026\/08\/18\/-hUc3fd40_1200x630__1.jpg\" title=\"El futbolista argentino Pourrain, despu\u00e9s del encierro y el infierno del ICE: &quot;Trataba de ponerme en la cabeza &apos;tengo que ganar&apos;, como si fuese un partido&quot;\" style=\"height:150px;width:150px\"><\/a><\/div><span class=\"title\"><a href=\"https:\/\/www.clarin.com\/deportes\/futbolista-argentino-pourrain-despues-encierro-infierno-ice-trataba-ponerme-cabeza-ganar-partido_0_T1rD5y3WTN.html\" target=\"_blank\" rel=\" noopener\">El futbolista argentino Pourrain, despu\u00e9s del encierro y el infierno del ICE: &#8220;Trataba de ponerme en la cabeza &#8216;tengo que ganar&#8217;, como si fuese un partido&#8221;<\/a><\/span><div class=\"rss_content\" style=\"\"><p>Estuvo 22 d\u00edas preso pese a que contaba con permiso de trabajo y tiene vigente la solicitud de residencia. Todav\u00eda no tiene sus documentos y circula con un permiso especial y un geolocalizador.Construy\u00f3 su carrera en clubes de Miami, donde conoci\u00f3 a su esposa y ech\u00f3 ra\u00edces.<\/p><\/div><\/li><\/ul> <\/div><style type=\"text\/css\" media=\"all\">.feedzy-rss .rss_item .rss_image{float:left;position:relative;border:none;text-decoration:none;max-width:100%}.feedzy-rss .rss_item .rss_image span{display:inline-block;position:absolute;width:100%;height:100%;background-position:50%;background-size:cover}.feedzy-rss .rss_item .rss_image{margin:.3em 1em 0 0;content-visibility:auto}.feedzy-rss ul{list-style:none}.feedzy-rss ul li{display:inline-block}<\/style><\/div>\n<\/div>\n","protected":false},"excerpt":{"rendered":"<p>ULTIMA HORAS POL\u00cdTICA ECONOM\u00cdA DEPORTES<\/p>\n","protected":false},"author":1,"featured_media":0,"parent":0,"menu_order":0,"comment_status":"closed","ping_status":"open","template":"","meta":{"footnotes":""},"class_list":["post-57","page","type-page","status-publish","hentry"],"_links":{"self":[{"href":"https:\/\/impacto943.fmmiradio.com\/index.php?rest_route=\/wp\/v2\/pages\/57","targetHints":{"allow":["GET"]}}],"collection":[{"href":"https:\/\/impacto943.fmmiradio.com\/index.php?rest_route=\/wp\/v2\/pages"}],"about":[{"href":"https:\/\/impacto943.fmmiradio.com\/index.php?rest_route=\/wp\/v2\/types\/page"}],"author":[{"embeddable":true,"href":"https:\/\/impacto943.fmmiradio.com\/index.php?rest_route=\/wp\/v2\/users\/1"}],"replies":[{"embeddable":true,"href":"https:\/\/impacto943.fmmiradio.com\/index.php?rest_route=%2Fwp%2Fv2%2Fcomments&post=57"}],"version-history":[{"count":7,"href":"https:\/\/impacto943.fmmiradio.com\/index.php?rest_route=\/wp\/v2\/pages\/57\/revisions"}],"predecessor-version":[{"id":162,"href":"https:\/\/impacto943.fmmiradio.com\/index.php?rest_route=\/wp\/v2\/pages\/57\/revisions\/162"}],"wp:attachment":[{"href":"https:\/\/impacto943.fmmiradio.com\/index.php?rest_route=%2Fwp%2Fv2%2Fmedia&parent=57"}],"curies":[{"name":"wp","href":"https:\/\/api.w.org\/{rel}","templated":true}]}}